{"id":1298,"date":"2023-05-31T21:23:27","date_gmt":"2023-06-01T00:23:27","guid":{"rendered":"https:\/\/depex.com.uy\/?post_type=product&#038;p=1298"},"modified":"2025-02-18T16:13:05","modified_gmt":"2025-02-18T19:13:05","slug":"panera-con-visor-ou-break-blanco","status":"publish","type":"product","link":"https:\/\/depex.com.uy\/?product=panera-con-visor-ou-break-blanco","title":{"rendered":"Panera con Visor OU \u00abBreak\u00bb (Blanco)"},"content":{"rendered":"<p><strong data-redactor-tag=\"strong\">Caracter\u00edsticas:<\/strong><\/p>\n<p>La Panera con Visor OU \u00abBreak\u00bb es el art\u00edculo perfecto para quien busca la belleza para servir y envasar el pan de una manera sencilla y pr\u00e1ctica, aportando comodidad al d\u00eda a d\u00eda y a las ocasiones especiales. Con un dise\u00f1o minimalista, combina con todo tipo de cocinas, aportando color y transparencia para que sea m\u00e1s f\u00e1cil ver los elementos sobre la mesa y color para embellecer a\u00fan m\u00e1s tu cocina. Otro diferencial de la l\u00ednea est\u00e1 en sus superficies, el acabado es texturizado, reduciendo la visibilidad de los rayones. El material de la l\u00ednea tiene la base en material r\u00edgido y texturizado (polipropileno) y las tapas y c\u00fapulas en material transparente (poliestireno). Con color, belleza y dise\u00f1o, la puerta fr\u00eda aportar\u00e1 practicidad a tu d\u00eda a d\u00eda.<\/p>\n<p><strong data-redactor-tag=\"strong\">Dimensiones:\u00a0<\/strong>350x245x150mm<\/p>\n","protected":false},"excerpt":{"rendered":"<p>Caracter\u00edsticas: La Panera con Visor OU \u00abBreak\u00bb es el art\u00edculo perfecto para quien busca la belleza para servir y envasar el pan de una manera sencilla y pr\u00e1ctica, aportando comodidad al d\u00eda a d\u00eda y a las ocasiones especiales. Con un dise\u00f1o minimalista, combina con todo tipo de cocinas, aportando color y transparencia para que [&#8230;]\n","protected":false},"featured_media":1299,"template":"","meta":[],"product_brand":[63],"product_cat":[49,26],"product_tag":[],"class_list":{"0":"post-1298","1":"product","2":"type-product","3":"status-publish","4":"has-post-thumbnail","6":"product_brand-ou","7":"product_cat-mesa","8":"product_cat-ou","10":"first","11":"instock","12":"taxable","13":"shipping-taxable","14":"purchasable","15":"product-type-simple"},"jetpack-related-posts":[],"jetpack_sharing_enabled":true,"_links":{"self":[{"href":"https:\/\/depex.com.uy\/index.php?rest_route=\/wp\/v2\/product\/1298","targetHints":{"allow":["GET"]}}],"collection":[{"href":"https:\/\/depex.com.uy\/index.php?rest_route=\/wp\/v2\/product"}],"about":[{"href":"https:\/\/depex.com.uy\/index.php?rest_route=\/wp\/v2\/types\/product"}],"wp:featuredmedia":[{"embeddable":true,"href":"https:\/\/depex.com.uy\/index.php?rest_route=\/wp\/v2\/media\/1299"}],"wp:attachment":[{"href":"https:\/\/depex.com.uy\/index.php?rest_route=%2Fwp%2Fv2%2Fmedia&parent=1298"}],"wp:term":[{"taxonomy":"product_brand","embeddable":true,"href":"https:\/\/depex.com.uy\/index.php?rest_route=%2Fwp%2Fv2%2Fproduct_brand&post=1298"},{"taxonomy":"product_cat","embeddable":true,"href":"https:\/\/depex.com.uy\/index.php?rest_route=%2Fwp%2Fv2%2Fproduct_cat&post=1298"},{"taxonomy":"product_tag","embeddable":true,"href":"https:\/\/depex.com.uy\/index.php?rest_route=%2Fwp%2Fv2%2Fproduct_tag&post=1298"}],"curies":[{"name":"wp","href":"https:\/\/api.w.org\/{rel}","templated":true}]}}